{"id":1768,"date":"2024-04-12T19:56:33","date_gmt":"2024-04-12T17:56:33","guid":{"rendered":"https:\/\/stage.schwrzmnn.com\/ub\/konzert\/ligeti\/"},"modified":"2025-03-27T12:36:02","modified_gmt":"2025-03-27T11:36:02","slug":"ligeti","status":"publish","type":"konzert","link":"https:\/\/unitedberlin.de\/en\/konzert\/ligeti\/","title":{"rendered":"Ligeti!"},"content":{"rendered":"\n<p><strong>Birthday party for a uncompromising solitary<\/strong><\/p>\n\n<p>Gy\u00f6rgy S\u00e1ndor Ligeti was one fo the most uncompromising composers of his time. On May 28th 2023 he woulde have turned 100: for ensemble unitedberlin this is reason enough for a big birthday party! <\/p>\n\n<p><strong>14.30<\/strong><br\/><em>1 \/ Wurzeln: Labyrinth<\/em><br\/><strong>Gy\u00f6rgy Ligeti<\/strong> &#8211; <em>Po\u00e8me Symphonique<\/em> for 100 Metronoms (1962)<br\/><strong>Gy\u00f6rgy Ligeti<\/strong> &#8211; <em>Balada si joc<\/em> fotor two violins (1950) <br\/><strong>S\u00e1ndor Veress<\/strong> &#8211; <em>Sonatina<\/em> for oboe, clarinet and bassoon (1931)<br\/><strong>Gy\u00f6rgy Ligeti<\/strong> &#8211; <em>Sechs Bagatellen<\/em> for wind quintet (1953)<br\/><strong>Karlheinz Stockhausen<\/strong> &#8211; <em>Gesang der J\u00fcnglinge<\/em> (1955 &#8211; 1956)<\/p>\n\n<p><strong>16.30<\/strong><br\/><em>2 \/ Harz: Verschmelzung<\/em><br\/><strong>Gy\u00f6rgy Ligeti<\/strong> &#8211; <em>Piano etudes Nr. 4, 5, 6 &amp; 18<\/em> (1985 &#8211; 2001)<br\/><strong>Conlon Nancarrow<\/strong> &#8211; <em>Studies for Player Piano Nr. 3e, 8, 17 &amp; 12<\/em> (1948 &#8211; 1992)<\/p>\n\n<p><strong>17.45<\/strong><br\/><em>3 \/ Chlorophyll: Struktur<\/em><br\/>roundtable with <strong>Lukas Ligeti<\/strong> and <strong>Manfred Stahnke<\/strong>, moderation <strong>Eckhard Roelcke<\/strong>, plus<br\/><strong>Lukas Ligeti<\/strong> &#8211; <em>Curtain<\/em> (2015) <br\/><strong>Gy\u00f6rgy Ligeti<\/strong> &#8211; <em>S\u00edppal, dobbal, n\u00e1diheged\u0171vel<\/em> (2000)<br\/><strong>Manfred Stahnke<\/strong> &#8211; <em>Singing Islands<\/em> for space oriented chamber ensemble (2023) <strong>UA<\/strong> <\/p>\n\n<p><strong>18.45<\/strong><br\/><strong><em>Ligeti!<\/em><\/strong><em> Birthday sinner for a world citizen<\/em> (Villa Elisabeth)<br\/>Celebrate Ligeti&#8217;s birthday with the artists of the day and exclusiv Food. <strong><a href=\"mailto:reservierung@unitedberlin.de\" target=\"_blank\" rel=\"noreferrer noopener\">Reserve<\/a><\/strong> your place in this unique Party! Catering Max Frey prepares a Levantine Chick Pea Stew with crunchy Zaatar-pita bread, there is a Orange semolina coconut cake for desert. Tickets are 15\u20ac, tea is included.  <\/p>\n\n<p><strong>20.00<\/strong><br\/><em>4 \/ Stamm: Essenz<\/em><br\/><strong>Gy\u00f6rgy Ligeti<\/strong><br\/><em>Aventures<\/em> f\u00fcr 3 S\u00e4nger und 7 Instrumentalisten (1962)<br\/><em>Kammerkonzert f\u00fcr 13 Instrumentalisten<\/em> (1971) <br\/><em>Melodien<\/em> f\u00fcr Kammerensemble (1971)<br\/><em>Mysteries of the Macabre<\/em> f\u00fcr Solotrompete und 16 Instrumentalisten (1977)<br\/><em>Nouvelles Aventures<\/em> f\u00fcr 3 S\u00e4nger und 7 Instrumentalisten (1965) <\/p>\n\n<p><strong>Valentin Uryupin<\/strong>, Dirigent (3 \/ Chlorophyll: Struktur)<br\/><strong>Jonathan Stockhammer<\/strong>, Dirigent (4 \/ Stamm: Essenz)<br\/><strong>Yoriko Ikeya<\/strong>, Klavier<br\/><strong>Damir Bacikin<\/strong>, Trompete<br\/><strong>Neue Vocalsolisten Stuttgart<\/strong><br\/><strong>Anne H\u00f6lzinger<\/strong>, Raumkonzept<br\/><strong>Anisha Bondy<\/strong>, Dramaturgie und Umsetzung<br\/><strong>Eckhard Roelcke<\/strong>, Moderation<br\/><strong>Andre Bartetzki<\/strong>, Sound<\/p>\n\n<p><strong>Christoph Breidler<\/strong>, K\u00fcnstlerische Leitung<\/p>\n\n<p><strong>Programmheft und Rezensionen<\/strong><br\/><a href=\"https:\/\/unitedberlin.de\/wp-content\/uploads\/2023\/10\/2023-10-22_programmheft-O-Ton.pdf?fbclid=IwAR0p5SgZ8k_qGm9pEiiTrVWeN9UGy44fxTWTGABuGUUpLexRLUlrGyTMX_A\" target=\"_blank\" rel=\"noreferrer noopener\">Programmheft<\/a><br\/><a href=\"https:\/\/vimeo.com\/898059119\" target=\"_blank\" rel=\"noreferrer noopener\">Trailer<\/a><br\/><a href=\"https:\/\/www.nmz.de\/kritik\/oper-konzert\/geburtstagsparty-fuer-einen-aussergewoehnlichen-kuenstler-das-ensemble\" target=\"_blank\" rel=\"noreferrer noopener\">neue musikzeitung<\/a> (nmz)<br\/><a href=\"https:\/\/www.facebook.com\/albrecht.selge\/posts\/pfbid0H6YziBPKJ13fqMc289diRNsaAhVfsdsix8KnapvkGFRzas3oE8UN3MwHVRcvL1c7l?from_close_friend=1\" target=\"_blank\" rel=\"noreferrer noopener\">Albrecht Selge<\/a><\/p>\n","protected":false},"featured_media":1935,"template":"","class_list":["post-1768","konzert","type-konzert","status-publish","has-post-thumbnail","hentry"],"acf":[],"_links":{"self":[{"href":"https:\/\/unitedberlin.de\/en\/wp-json\/wp\/v2\/konzert\/1768","targetHints":{"allow":["GET"]}}],"collection":[{"href":"https:\/\/unitedberlin.de\/en\/wp-json\/wp\/v2\/konzert"}],"about":[{"href":"https:\/\/unitedberlin.de\/en\/wp-json\/wp\/v2\/types\/konzert"}],"wp:featuredmedia":[{"embeddable":true,"href":"https:\/\/unitedberlin.de\/en\/wp-json\/wp\/v2\/media\/1935"}],"wp:attachment":[{"href":"https:\/\/unitedberlin.de\/en\/wp-json\/wp\/v2\/media?parent=1768"}],"curies":[{"name":"wp","href":"https:\/\/api.w.org\/{rel}","templated":true}]}}